{"id":25570,"date":"2023-05-22T14:22:59","date_gmt":"2023-05-22T14:22:59","guid":{"rendered":"https:\/\/triviumgroup.eu\/?page_id=25570"},"modified":"2023-09-21T15:32:52","modified_gmt":"2023-09-21T15:32:52","slug":"services-export-import","status":"publish","type":"page","link":"https:\/\/triviumgroup.eu\/hu\/services-export-import\/","title":{"rendered":"Services-Export\/Import"},"content":{"rendered":"<div data-elementor-type=\"wp-page\" data-elementor-id=\"25570\" class=\"elementor elementor-25570\">\n\t\t\t\t\t\t<section class=\"elementor-section elementor-top-section elementor-element elementor-element-v8xyeys elementor-section-boxed elementor-section-height-default elementor-section-height-default\" data-id=\"v8xyeys\" data-element_type=\"section\" data-settings=\"{&quot;background_background&quot;:&quot;classic&quot;}\">\n\t\t\t\t\t\t\t<div class=\"elementor-background-overlay\"><\/div>\n\t\t\t\t\t\t\t<div class=\"elementor-container elementor-column-gap-default\">\n\t\t\t\t\t<div class=\"elementor-column elementor-col-100 elementor-top-column elementor-element elementor-element-922b039\" data-id=\"922b039\" data-element_type=\"column\">\n\t\t\t<div class=\"elementor-widget-wrap elementor-element-populated\">\n\t\t\t\t\t\t<section class=\"elementor-section elementor-inner-section elementor-element elementor-element-fa18cf8 elementor-section-boxed elementor-section-height-default elementor-section-height-default\" data-id=\"fa18cf8\" data-element_type=\"section\">\n\t\t\t\t\t\t<div class=\"elementor-container elementor-column-gap-default\">\n\t\t\t\t\t<div class=\"elementor-column elementor-col-66 elementor-inner-column elementor-element elementor-element-5053de7\" data-id=\"5053de7\" data-element_type=\"column\">\n\t\t\t<div class=\"elementor-widget-wrap elementor-element-populated\">\n\t\t\t\t\t\t<div class=\"elementor-element elementor-element-b611043 elementor-widget elementor-widget-heading\" data-id=\"b611043\" data-element_type=\"widget\" data-widget_type=\"heading.default\">\n\t\t\t\t<div class=\"elementor-widget-container\">\n\t\t\t\t\t<h1 class=\"elementor-heading-title elementor-size-default\">K\u00e9rdezz-Felelek V\u00e1mkezel\u00e9sekr\u0151l<\/h1>\t\t\t\t<\/div>\n\t\t\t\t<\/div>\n\t\t\t\t\t<\/div>\n\t\t<\/div>\n\t\t\t\t<div class=\"elementor-column elementor-col-33 elementor-inner-column elementor-element elementor-element-ce85fe5\" data-id=\"ce85fe5\" data-element_type=\"column\">\n\t\t\t<div class=\"elementor-widget-wrap\">\n\t\t\t\t\t\t\t<\/div>\n\t\t<\/div>\n\t\t\t\t\t<\/div>\n\t\t<\/section>\n\t\t\t\t<section class=\"elementor-section elementor-inner-section elementor-element elementor-element-787aaa0 elementor-section-boxed elementor-section-height-default elementor-section-height-default\" data-id=\"787aaa0\" data-element_type=\"section\">\n\t\t\t\t\t\t<div class=\"elementor-container elementor-column-gap-default\">\n\t\t\t\t\t<div class=\"elementor-column elementor-col-66 elementor-inner-column elementor-element elementor-element-3568ed0\" data-id=\"3568ed0\" data-element_type=\"column\">\n\t\t\t<div class=\"elementor-widget-wrap\">\n\t\t\t\t\t\t\t<\/div>\n\t\t<\/div>\n\t\t\t\t<div class=\"elementor-column elementor-col-33 elementor-inner-column elementor-element elementor-element-1cf092a\" data-id=\"1cf092a\" data-element_type=\"column\">\n\t\t\t<div class=\"elementor-widget-wrap\">\n\t\t\t\t\t\t\t<\/div>\n\t\t<\/div>\n\t\t\t\t\t<\/div>\n\t\t<\/section>\n\t\t\t\t\t<\/div>\n\t\t<\/div>\n\t\t\t\t\t<\/div>\n\t\t<\/section>\n\t\t\t\t<section class=\"elementor-section elementor-top-section elementor-element elementor-element-bxlg0zn elementor-section-boxed elementor-section-height-default elementor-section-height-default\" data-id=\"bxlg0zn\" data-element_type=\"section\" data-settings=\"{&quot;background_background&quot;:&quot;classic&quot;}\">\n\t\t\t\t\t\t\t<div class=\"elementor-background-overlay\"><\/div>\n\t\t\t\t\t\t\t<div class=\"elementor-container elementor-column-gap-default\">\n\t\t\t\t\t<div class=\"elementor-column elementor-col-100 elementor-top-column elementor-element elementor-element-9bef21e\" data-id=\"9bef21e\" data-element_type=\"column\">\n\t\t\t<div class=\"elementor-widget-wrap elementor-element-populated\">\n\t\t\t\t\t\t<section class=\"elementor-section elementor-inner-section elementor-element elementor-element-3014b0c elementor-section-boxed elementor-section-height-default elementor-section-height-default\" data-id=\"3014b0c\" data-element_type=\"section\">\n\t\t\t\t\t\t<div class=\"elementor-container elementor-column-gap-default\">\n\t\t\t\t\t<div class=\"elementor-column elementor-col-33 elementor-inner-column elementor-element elementor-element-7ed8416\" data-id=\"7ed8416\" data-element_type=\"column\">\n\t\t\t<div class=\"elementor-widget-wrap\">\n\t\t\t\t\t\t\t<\/div>\n\t\t<\/div>\n\t\t\t\t<div class=\"elementor-column elementor-col-66 elementor-inner-column elementor-element elementor-element-718d4a7\" data-id=\"718d4a7\" data-element_type=\"column\" data-settings=\"{&quot;background_background&quot;:&quot;classic&quot;}\">\n\t\t\t<div class=\"elementor-widget-wrap elementor-element-populated\">\n\t\t\t\t\t\t<div class=\"elementor-element elementor-element-5eeaa23 elementor-widget elementor-widget-heading\" data-id=\"5eeaa23\" data-element_type=\"widget\" data-widget_type=\"heading.default\">\n\t\t\t\t<div class=\"elementor-widget-container\">\n\t\t\t\t\t<h2 class=\"elementor-heading-title elementor-size-default\">K\u00e9rdezz-Felelek<\/h2>\t\t\t\t<\/div>\n\t\t\t\t<\/div>\n\t\t\t\t<div class=\"elementor-element elementor-element-8fd3b89 elementor-widget elementor-widget-accordion\" data-id=\"8fd3b89\" data-element_type=\"widget\" data-widget_type=\"accordion.default\">\n\t\t\t\t<div class=\"elementor-widget-container\">\n\t\t\t\t\t\t\t<div class=\"elementor-accordion\">\n\t\t\t\t\t\t\t<div class=\"elementor-accordion-item\">\n\t\t\t\t\t<div id=\"elementor-tab-title-1501\" class=\"elementor-tab-title\" data-tab=\"1\" role=\"button\" aria-controls=\"elementor-tab-content-1501\" aria-expanded=\"false\">\n\t\t\t\t\t\t\t\t\t\t\t\t\t<span class=\"elementor-accordion-icon elementor-accordion-icon-right\" aria-hidden=\"true\">\n\t\t\t\t\t\t\t\t\t\t\t\t\t\t\t<span class=\"elementor-accordion-icon-closed\"><i class=\"fas fa-caret-right\"><\/i><\/span>\n\t\t\t\t\t\t\t\t<span class=\"elementor-accordion-icon-opened\"><i class=\"fas fa-caret-down\"><\/i><\/span>\n\t\t\t\t\t\t\t\t\t\t\t\t\t\t<\/span>\n\t\t\t\t\t\t\t\t\t\t\t\t<a class=\"elementor-accordion-title\" tabindex=\"0\">Mikor van sz\u00fcks\u00e9gem export vagy import ir\u00e1ny\u00fa v\u00e1melj\u00e1r\u00e1s lefolytat\u00e1s\u00e1ra?<\/a>\n\t\t\t\t\t<\/div>\n\t\t\t\t\t<div id=\"elementor-tab-content-1501\" class=\"elementor-tab-content elementor-clearfix\" data-tab=\"1\" role=\"region\" aria-labelledby=\"elementor-tab-title-1501\"><p>\u00a0<\/p><p><span style=\"color: #374151; font-family: S\u00f6hne, ui-sans-serif, system-ui, -apple-system, 'Segoe UI', Roboto, Ubuntu, Cantarell, 'Noto Sans', sans-serif, 'Helvetica Neue', Arial, 'Apple Color Emoji', 'Segoe UI Emoji', 'Segoe UI Symbol', 'Noto Color Emoji'; white-space: pre-wrap; background-color: #f7f7f8;\">Amennyiben v\u00e1llalkoz\u00e1sa egy EU-n k\u00edv\u00fcli harmadik orsz\u00e1gba sz\u00e1ll\u00edt ki \u00e1rut kivitel v\u00e1melj\u00e1r\u00e1s lefolytat\u00e1s\u00e1ra van sz\u00fcks\u00e9g. Az export elj\u00e1r\u00e1s lefolytat\u00e1sa mag\u00e1ban foglalja a kereskedelempolitikai int\u00e9zked\u00e9sek betart\u00e1s\u00e1t is.<\/span><\/p><\/div>\n\t\t\t\t<\/div>\n\t\t\t\t\t\t\t<div class=\"elementor-accordion-item\">\n\t\t\t\t\t<div id=\"elementor-tab-title-1502\" class=\"elementor-tab-title\" data-tab=\"2\" role=\"button\" aria-controls=\"elementor-tab-content-1502\" aria-expanded=\"false\">\n\t\t\t\t\t\t\t\t\t\t\t\t\t<span class=\"elementor-accordion-icon elementor-accordion-icon-right\" aria-hidden=\"true\">\n\t\t\t\t\t\t\t\t\t\t\t\t\t\t\t<span class=\"elementor-accordion-icon-closed\"><i class=\"fas fa-caret-right\"><\/i><\/span>\n\t\t\t\t\t\t\t\t<span class=\"elementor-accordion-icon-opened\"><i class=\"fas fa-caret-down\"><\/i><\/span>\n\t\t\t\t\t\t\t\t\t\t\t\t\t\t<\/span>\n\t\t\t\t\t\t\t\t\t\t\t\t<a class=\"elementor-accordion-title\" tabindex=\"0\">Hogyan tudok megb\u00edz\u00e1st adni egy v\u00e1m\u00fcgyn\u00f6ks\u00e9gnek?<\/a>\n\t\t\t\t\t<\/div>\n\t\t\t\t\t<div id=\"elementor-tab-content-1502\" class=\"elementor-tab-content elementor-clearfix\" data-tab=\"2\" role=\"region\" aria-labelledby=\"elementor-tab-title-1502\"><p>V\u00e1m\u00fcgyn\u00f6ki k\u00e9pviselet ell\u00e1t\u00e1s\u00e1hoz a v\u00e1m\u00fcgyn\u00f6knek k\u00f6zvetlen\u00fcl az import\u0151r vagy az export\u0151r megb\u00edz\u00e1s\u00e1t kell beszereznie. Nem megengedett, hogy a v\u00e1m\u00fcgyn\u00f6k a sz\u00e1ll\u00edtm\u00e1nyoz\u00f3t\u00f3l vagy b\u00e1rmely m\u00e1s harmadik f\u00e9lt\u0151l kapjon meghatalmaz\u00e1st. A megb\u00edz\u00e1st eredeti form\u00e1ban kell beszerezni, \u00e9s bizonyos EU-s orsz\u00e1gokban, mint p\u00e9ld\u00e1ul Magyarorsz\u00e1gon, a megb\u00edz\u00e1s t\u00e9ny\u00e9t be kell jegyeztetni az Ad\u00f3- \u00e9s V\u00e1mhivataln\u00e1l (EGYKE).<\/p><\/div>\n\t\t\t\t<\/div>\n\t\t\t\t\t\t\t<div class=\"elementor-accordion-item\">\n\t\t\t\t\t<div id=\"elementor-tab-title-1503\" class=\"elementor-tab-title\" data-tab=\"3\" role=\"button\" aria-controls=\"elementor-tab-content-1503\" aria-expanded=\"false\">\n\t\t\t\t\t\t\t\t\t\t\t\t\t<span class=\"elementor-accordion-icon elementor-accordion-icon-right\" aria-hidden=\"true\">\n\t\t\t\t\t\t\t\t\t\t\t\t\t\t\t<span class=\"elementor-accordion-icon-closed\"><i class=\"fas fa-caret-right\"><\/i><\/span>\n\t\t\t\t\t\t\t\t<span class=\"elementor-accordion-icon-opened\"><i class=\"fas fa-caret-down\"><\/i><\/span>\n\t\t\t\t\t\t\t\t\t\t\t\t\t\t<\/span>\n\t\t\t\t\t\t\t\t\t\t\t\t<a class=\"elementor-accordion-title\" tabindex=\"0\">Mi az EORI sz\u00e1m, \u00e9s mi\u00e9rt van r\u00e1 sz\u00fcks\u00e9g? <\/a>\n\t\t\t\t\t<\/div>\n\t\t\t\t\t<div id=\"elementor-tab-content-1503\" class=\"elementor-tab-content elementor-clearfix\" data-tab=\"3\" role=\"region\" aria-labelledby=\"elementor-tab-title-1503\"><p>Az EORI sz\u00f3 az angol\u00a0<strong>\u201cEconomic Operators Registration and Identification Number\u201d sz\u00f3b\u00f3l ered.<\/strong>.<\/p><p>A k\u00fclkeresekedelmi forgalomban r\u00e9szt venni k\u00edv\u00e1n\u00f3 v\u00e1llalkoz\u00e1soknak \u00e9s szem\u00e9lyeknek minden v\u00e1mkezel\u00e9si elj\u00e1r\u00e1sban az EORI-sz\u00e1mot kell azonos\u00edt\u00f3 sz\u00e1mk\u00e9nt haszn\u00e1lniuk, amikor a v\u00e1mhat\u00f3s\u00e1gok sz\u00e1m\u00e1ra adnak inform\u00e1ci\u00f3t.<\/p><p>Az a t\u00e9ny, hogy a teljes EU ter\u00fclet\u00e9n bel\u00fcl ugyanaz az azonos\u00edt\u00f3 sz\u00e1m azonos\u00edtja az adott gazd\u00e1lkod\u00f3t b\u00e1rmely v\u00e1melj\u00e1r\u00e1sban sz\u00e1mos el\u0151nyt hordoz mag\u00e1ban.<\/p><\/div>\n\t\t\t\t<\/div>\n\t\t\t\t\t\t\t<div class=\"elementor-accordion-item\">\n\t\t\t\t\t<div id=\"elementor-tab-title-1504\" class=\"elementor-tab-title\" data-tab=\"4\" role=\"button\" aria-controls=\"elementor-tab-content-1504\" aria-expanded=\"false\">\n\t\t\t\t\t\t\t\t\t\t\t\t\t<span class=\"elementor-accordion-icon elementor-accordion-icon-right\" aria-hidden=\"true\">\n\t\t\t\t\t\t\t\t\t\t\t\t\t\t\t<span class=\"elementor-accordion-icon-closed\"><i class=\"fas fa-caret-right\"><\/i><\/span>\n\t\t\t\t\t\t\t\t<span class=\"elementor-accordion-icon-opened\"><i class=\"fas fa-caret-down\"><\/i><\/span>\n\t\t\t\t\t\t\t\t\t\t\t\t\t\t<\/span>\n\t\t\t\t\t\t\t\t\t\t\t\t<a class=\"elementor-accordion-title\" tabindex=\"0\">Mire haszn\u00e1lhat\u00f3 a Taric sz\u00e1m?<\/a>\n\t\t\t\t\t<\/div>\n\t\t\t\t\t<div id=\"elementor-tab-content-1504\" class=\"elementor-tab-content elementor-clearfix\" data-tab=\"4\" role=\"region\" aria-labelledby=\"elementor-tab-title-1504\"><p>A v\u00e1mtarifasz\u00e1m egy olyan k\u00f3d, amelyet nemzetk\u00f6zi term\u00e9k azonos\u00edt\u00f3k\u00e9nt haszn\u00e1lnak. A vil\u00e1g szinte minden orsz\u00e1g\u00e1ban ezt a rendszert haszn\u00e1lj\u00e1k a v\u00e1melj\u00e1r\u00e1sokhoz. Mindennek van v\u00e1mtarifasz\u00e1ma. Ez a k\u00f3d hat\u00e1rozza meg a v\u00e1m- \u00e9s ad\u00f3tariff\u00e1kat, valamint azt is, hogy sz\u00fcks\u00e9g van-e enged\u00e9lyekre \u00e9s\/vagy tov\u00e1bbi eg\u00e9szs\u00e9g\u00fcgyi \u00e9s hat\u00e1rellen\u0151rz\u00e9sre. A helyes v\u00e1mtarifasz\u00e1mok nagyon fontosak, \u00e9s pontosaknak kell lenni\u00fck.\u00a0<\/p><\/div>\n\t\t\t\t<\/div>\n\t\t\t\t\t\t\t<div class=\"elementor-accordion-item\">\n\t\t\t\t\t<div id=\"elementor-tab-title-1505\" class=\"elementor-tab-title\" data-tab=\"5\" role=\"button\" aria-controls=\"elementor-tab-content-1505\" aria-expanded=\"false\">\n\t\t\t\t\t\t\t\t\t\t\t\t\t<span class=\"elementor-accordion-icon elementor-accordion-icon-right\" aria-hidden=\"true\">\n\t\t\t\t\t\t\t\t\t\t\t\t\t\t\t<span class=\"elementor-accordion-icon-closed\"><i class=\"fas fa-caret-right\"><\/i><\/span>\n\t\t\t\t\t\t\t\t<span class=\"elementor-accordion-icon-opened\"><i class=\"fas fa-caret-down\"><\/i><\/span>\n\t\t\t\t\t\t\t\t\t\t\t\t\t\t<\/span>\n\t\t\t\t\t\t\t\t\t\t\t\t<a class=\"elementor-accordion-title\" tabindex=\"0\">Milyen okm\u00e1nyokra van sz\u00fcks\u00e9gem a v\u00e1melj\u00e1r\u00e1s lefolytat\u00e1s\u00e1hoz?<\/a>\n\t\t\t\t\t<\/div>\n\t\t\t\t\t<div id=\"elementor-tab-content-1505\" class=\"elementor-tab-content elementor-clearfix\" data-tab=\"5\" role=\"region\" aria-labelledby=\"elementor-tab-title-1505\"><p>A v\u00e1melj\u00e1r\u00e1sok alapokm\u00e1nyai a kereskedelmi sz\u00e1mla \u00e9s a CMR vagy CIM fuvarokm\u00e1nyok.<\/p><p>Adott v\u00e1melj\u00e1r\u00e1sban sz\u00fcks\u00e9g lehet m\u00e9g tov\u00e1bbi okm\u00e1nyokra a term\u00e9k sz\u00e1rmaz\u00e1s\u00e1t\u00f3l, rendeltet\u00e9si hely\u00e9t\u0151l \u00e9s a v\u00e1mtarifasz\u00e1mt\u00f3l f\u00fcgg\u0151en.<\/p><ul><li>Sz\u00e1rmaz\u00e1s igazol\u00e1s<\/li><li>Exportenged\u00e9ly<\/li><li>Nyilatkozatok az adott v\u00e1mtarifasz\u00e1m f\u00fcggv\u00e9ny\u00e9ben<\/li><\/ul><\/div>\n\t\t\t\t<\/div>\n\t\t\t\t\t\t\t<div class=\"elementor-accordion-item\">\n\t\t\t\t\t<div id=\"elementor-tab-title-1506\" class=\"elementor-tab-title\" data-tab=\"6\" role=\"button\" aria-controls=\"elementor-tab-content-1506\" aria-expanded=\"false\">\n\t\t\t\t\t\t\t\t\t\t\t\t\t<span class=\"elementor-accordion-icon elementor-accordion-icon-right\" aria-hidden=\"true\">\n\t\t\t\t\t\t\t\t\t\t\t\t\t\t\t<span class=\"elementor-accordion-icon-closed\"><i class=\"fas fa-caret-right\"><\/i><\/span>\n\t\t\t\t\t\t\t\t<span class=\"elementor-accordion-icon-opened\"><i class=\"fas fa-caret-down\"><\/i><\/span>\n\t\t\t\t\t\t\t\t\t\t\t\t\t\t<\/span>\n\t\t\t\t\t\t\t\t\t\t\t\t<a class=\"elementor-accordion-title\" tabindex=\"0\">Mi\u00e9rt fontos a pontos term\u00e9k besorol\u00e1s?<\/a>\n\t\t\t\t\t<\/div>\n\t\t\t\t\t<div id=\"elementor-tab-content-1506\" class=\"elementor-tab-content elementor-clearfix\" data-tab=\"6\" role=\"region\" aria-labelledby=\"elementor-tab-title-1506\"><p>A kereskedelmi sz\u00e1ml\u00e1n felt\u00fcntetett pontatlan term\u00e9k megnevez\u00e9s az egyik leggyakoribb oka annak ha a v\u00e1mhat\u00f3s\u00e1g feltart\u00f3ztatja az adott sz\u00e1lltm\u00e1nyt.<\/p><p>Az \u00e1ru le\u00edr\u00e1sa, valamint a sz\u00e1rmaz\u00e1si orsz\u00e1g \u00e9s a Harmoniz\u00e1lt Nomenklat\u00fara k\u00f3dja seg\u00edti a hat\u00f3s\u00e1gokat abban, hogy pontosan azonos\u00edts\u00e1k, milyen term\u00e9kr\u0151l van sz\u00f3, \u00e9s meghat\u00e1rozz\u00e1k, milyen importellen\u0151rz\u00e9sekre van sz\u00fcks\u00e9g, valamint kisz\u00e1m\u00edts\u00e1k az illet\u00e9keket \u00e9s ad\u00f3kat.<\/p><\/div>\n\t\t\t\t<\/div>\n\t\t\t\t\t\t\t<div class=\"elementor-accordion-item\">\n\t\t\t\t\t<div id=\"elementor-tab-title-1507\" class=\"elementor-tab-title\" data-tab=\"7\" role=\"button\" aria-controls=\"elementor-tab-content-1507\" aria-expanded=\"false\">\n\t\t\t\t\t\t\t\t\t\t\t\t\t<span class=\"elementor-accordion-icon elementor-accordion-icon-right\" aria-hidden=\"true\">\n\t\t\t\t\t\t\t\t\t\t\t\t\t\t\t<span class=\"elementor-accordion-icon-closed\"><i class=\"fas fa-caret-right\"><\/i><\/span>\n\t\t\t\t\t\t\t\t<span class=\"elementor-accordion-icon-opened\"><i class=\"fas fa-caret-down\"><\/i><\/span>\n\t\t\t\t\t\t\t\t\t\t\t\t\t\t<\/span>\n\t\t\t\t\t\t\t\t\t\t\t\t<a class=\"elementor-accordion-title\" tabindex=\"0\">Mi a sz\u00e1rmaz\u00e1si igazol\u00e1s?<\/a>\n\t\t\t\t\t<\/div>\n\t\t\t\t\t<div id=\"elementor-tab-content-1507\" class=\"elementor-tab-content elementor-clearfix\" data-tab=\"7\" role=\"region\" aria-labelledby=\"elementor-tab-title-1507\"><p>A sz\u00e1rmaz\u00e1si igazol\u00e1s egy olyan dokumentum, amely meg\u00e1llap\u00edtja, hogy az \u00d6n \u00e1ltal sz\u00e1ll\u00edtott \u00e1rukat hol termesztett\u00e9k, gy\u00e1rtott\u00e1k vagy \u00e1ll\u00edtott\u00e1k el\u0151. Sz\u00fcks\u00e9ges annak eld\u00f6nt\u00e9s\u00e9hez, hogy a sz\u00e1ll\u00edtott \u00e1ruk bel\u00e9phetnek-e egy orsz\u00e1gba, \u00e9s van-e m\u00f3d illet\u00e9k vagy ad\u00f3 kedvezm\u00e9ny\u00e9re vagy cs\u00f6kkent\u00e9s\u00e9re.\u00a0<\/p><\/div>\n\t\t\t\t<\/div>\n\t\t\t\t\t\t\t<div class=\"elementor-accordion-item\">\n\t\t\t\t\t<div id=\"elementor-tab-title-1508\" class=\"elementor-tab-title\" data-tab=\"8\" role=\"button\" aria-controls=\"elementor-tab-content-1508\" aria-expanded=\"false\">\n\t\t\t\t\t\t\t\t\t\t\t\t\t<span class=\"elementor-accordion-icon elementor-accordion-icon-right\" aria-hidden=\"true\">\n\t\t\t\t\t\t\t\t\t\t\t\t\t\t\t<span class=\"elementor-accordion-icon-closed\"><i class=\"fas fa-caret-right\"><\/i><\/span>\n\t\t\t\t\t\t\t\t<span class=\"elementor-accordion-icon-opened\"><i class=\"fas fa-caret-down\"><\/i><\/span>\n\t\t\t\t\t\t\t\t\t\t\t\t\t\t<\/span>\n\t\t\t\t\t\t\t\t\t\t\t\t<a class=\"elementor-accordion-title\" tabindex=\"0\">Hogyan kell kisz\u00e1molni a sz\u00e1ll\u00edtm\u00e1ny ut\u00e1n fizetend\u0151 ad\u00f3 \u00e9s v\u00e1m \u00f6szzeg\u00e9t?<\/a>\n\t\t\t\t\t<\/div>\n\t\t\t\t\t<div id=\"elementor-tab-content-1508\" class=\"elementor-tab-content elementor-clearfix\" data-tab=\"8\" role=\"region\" aria-labelledby=\"elementor-tab-title-1508\"><p>Az \u00d6n \u00e1rucikkeinek \u00e1ruoszt\u00e1lyk\u00f3dja meghat\u00e1rozza az esed\u00e9kes illet\u00e9k m\u00e9rt\u00e9k\u00e9t. Ezt a v\u00e1mkezel\u00e9si folyamat sor\u00e1n sz\u00e1molj\u00e1k ki, \u00e9s az \u00d6n \u00e1ltal v\u00e1lasztott fuvarparit\u00e1s, valamint az \u00e1ruk sz\u00e1rmaz\u00e1sa (az \u00e1ruk eredeti el\u0151\u00e1ll\u00edt\u00e1s\u00e1mal helye) alapj\u00e1n t\u00f6rt\u00e9nik.<\/p><\/div>\n\t\t\t\t<\/div>\n\t\t\t\t\t\t\t<div class=\"elementor-accordion-item\">\n\t\t\t\t\t<div id=\"elementor-tab-title-1509\" class=\"elementor-tab-title\" data-tab=\"9\" role=\"button\" aria-controls=\"elementor-tab-content-1509\" aria-expanded=\"false\">\n\t\t\t\t\t\t\t\t\t\t\t\t\t<span class=\"elementor-accordion-icon elementor-accordion-icon-right\" aria-hidden=\"true\">\n\t\t\t\t\t\t\t\t\t\t\t\t\t\t\t<span class=\"elementor-accordion-icon-closed\"><i class=\"fas fa-caret-right\"><\/i><\/span>\n\t\t\t\t\t\t\t\t<span class=\"elementor-accordion-icon-opened\"><i class=\"fas fa-caret-down\"><\/i><\/span>\n\t\t\t\t\t\t\t\t\t\t\t\t\t\t<\/span>\n\t\t\t\t\t\t\t\t\t\t\t\t<a class=\"elementor-accordion-title\" tabindex=\"0\">Ki jogosult a v\u00e1mkezel\u00e9sr\u0151l rendelkezni? Az export\u0151r, az import\u0151r vagy a fuvaroz\u00f3?<\/a>\n\t\t\t\t\t<\/div>\n\t\t\t\t\t<div id=\"elementor-tab-content-1509\" class=\"elementor-tab-content elementor-clearfix\" data-tab=\"9\" role=\"region\" aria-labelledby=\"elementor-tab-title-1509\"><p>Ez az \u00fcgylethez tartoz\u00f3 fuvarparit\u00e1st\u00f3l f\u00fcgg, de sohasem a fuvaroz\u00f3? Mindig az export\u0151r, az import\u0151r vagy mindkett\u0151 lehet! Tal\u00e1n a legjobb v\u00e1laszt\u00e1s az, ha az export\u0151r int\u00e9zi az exportbejelent\u00e9st, m\u00edg az import\u0151r int\u00e9zi az importbejelent\u00e9st.<\/p><\/div>\n\t\t\t\t<\/div>\n\t\t\t\t\t\t\t\t<\/div>\n\t\t\t\t\t\t<\/div>\n\t\t\t\t<\/div>\n\t\t\t\t<div class=\"elementor-element elementor-element-d14ded9 elementor-widget elementor-widget-accordion\" data-id=\"d14ded9\" data-element_type=\"widget\" data-widget_type=\"accordion.default\">\n\t\t\t\t<div class=\"elementor-widget-container\">\n\t\t\t\t\t\t\t<div class=\"elementor-accordion\">\n\t\t\t\t\t\t\t<div class=\"elementor-accordion-item\">\n\t\t\t\t\t<div id=\"elementor-tab-title-2191\" class=\"elementor-tab-title\" data-tab=\"1\" role=\"button\" aria-controls=\"elementor-tab-content-2191\" aria-expanded=\"false\">\n\t\t\t\t\t\t\t\t\t\t\t\t\t<span class=\"elementor-accordion-icon elementor-accordion-icon-right\" aria-hidden=\"true\">\n\t\t\t\t\t\t\t\t\t\t\t\t\t\t\t<span class=\"elementor-accordion-icon-closed\"><i class=\"fas fa-caret-right\"><\/i><\/span>\n\t\t\t\t\t\t\t\t<span class=\"elementor-accordion-icon-opened\"><i class=\"fas fa-caret-down\"><\/i><\/span>\n\t\t\t\t\t\t\t\t\t\t\t\t\t\t<\/span>\n\t\t\t\t\t\t\t\t\t\t\t\t<a class=\"elementor-accordion-title\" tabindex=\"0\">Hogyan tudok megb\u00edz\u00e1st adni egy v\u00e1m\u00fcgyn\u00f6ks\u00e9gnek Magyarorsz\u00e1gon?<\/a>\n\t\t\t\t\t<\/div>\n\t\t\t\t\t<div id=\"elementor-tab-content-2191\" class=\"elementor-tab-content elementor-clearfix\" data-tab=\"1\" role=\"region\" aria-labelledby=\"elementor-tab-title-2191\"><p>V\u00e1m\u00fcgyn\u00f6ki k\u00e9pviselet ell\u00e1t\u00e1s\u00e1hoz a v\u00e1m\u00fcgyn\u00f6knek k\u00f6zvetlen\u00fcl az import\u0151r vagy az export\u0151r megb\u00edz\u00e1s\u00e1t kell beszereznie. Nem megengedett, hogy a v\u00e1m\u00fcgyn\u00f6k a sz\u00e1ll\u00edtm\u00e1nyoz\u00f3t\u00f3l vagy b\u00e1rmely m\u00e1s harmadik f\u00e9lt\u0151l kapjon meghatalmaz\u00e1st. A megb\u00edz\u00e1st eredeti form\u00e1ban kell beszerezni, \u00e9s bizonyos EU-s orsz\u00e1gokban, mint p\u00e9ld\u00e1ul Magyarorsz\u00e1gon, a megb\u00edz\u00e1s t\u00e9ny\u00e9t be kell jegyeztetni az Ad\u00f3- \u00e9s V\u00e1mhivataln\u00e1l (EGYKE).<\/p><\/div>\n\t\t\t\t<\/div>\n\t\t\t\t\t\t\t<div class=\"elementor-accordion-item\">\n\t\t\t\t\t<div id=\"elementor-tab-title-2192\" class=\"elementor-tab-title\" data-tab=\"2\" role=\"button\" aria-controls=\"elementor-tab-content-2192\" aria-expanded=\"false\">\n\t\t\t\t\t\t\t\t\t\t\t\t\t<span class=\"elementor-accordion-icon elementor-accordion-icon-right\" aria-hidden=\"true\">\n\t\t\t\t\t\t\t\t\t\t\t\t\t\t\t<span class=\"elementor-accordion-icon-closed\"><i class=\"fas fa-caret-right\"><\/i><\/span>\n\t\t\t\t\t\t\t\t<span class=\"elementor-accordion-icon-opened\"><i class=\"fas fa-caret-down\"><\/i><\/span>\n\t\t\t\t\t\t\t\t\t\t\t\t\t\t<\/span>\n\t\t\t\t\t\t\t\t\t\t\t\t<a class=\"elementor-accordion-title\" tabindex=\"0\">\u00c1rut szeretn\u00e9k az EU-b\u00f3l harmadik orsz\u00e1gba k\u00fcldeni. Sz\u00fcks\u00e9ges a kivitel ir\u00e1ny\u00fa v\u00e1mkezel\u00e9s elv\u00e9gz\u00e9se, de az Uni\u00f3 ter\u00fclet\u00e9n letelepedett c\u00e9gem nem rendelkezik magyar ad\u00f3sz\u00e1mmal. Van-e lehet\u0151s\u00e9g a v\u00e1melj\u00e1r\u00e1s lebonyol\u00edt\u00e1s\u00e1ra Magyarorsz\u00e1gon? <\/a>\n\t\t\t\t\t<\/div>\n\t\t\t\t\t<div id=\"elementor-tab-content-2192\" class=\"elementor-tab-content elementor-clearfix\" data-tab=\"2\" role=\"region\" aria-labelledby=\"elementor-tab-title-2192\"><p>Amennyiben az \u00d6n v\u00e1llalkoz\u00e1sa az Uni\u00f3ban letelepedett v\u00e1llalkoz\u00e1s \u00e9s rendelkezik \u00e9rv\u00e9nyes EORI sz\u00e1mmal, van lehet\u0151s\u00e9g a v\u00e1melj\u00e1r\u00e1s Magyarorsz\u00e1gon t\u00f6rt\u00e9n\u0151 lebonyol\u00edt\u00e1s\u00e1ra. Amennyiben megb\u00edz\u00e1st ad a Trivium r\u00e9sz\u00e9re, \u00f6r\u00f6mmel ell\u00e1tjuk az \u00d6n k\u00e9pviselet\u00e9t a magyar v\u00e1mszervek el\u0151tt.\u00a0<\/p><\/div>\n\t\t\t\t<\/div>\n\t\t\t\t\t\t\t<div class=\"elementor-accordion-item\">\n\t\t\t\t\t<div id=\"elementor-tab-title-2193\" class=\"elementor-tab-title\" data-tab=\"3\" role=\"button\" aria-controls=\"elementor-tab-content-2193\" aria-expanded=\"false\">\n\t\t\t\t\t\t\t\t\t\t\t\t\t<span class=\"elementor-accordion-icon elementor-accordion-icon-right\" aria-hidden=\"true\">\n\t\t\t\t\t\t\t\t\t\t\t\t\t\t\t<span class=\"elementor-accordion-icon-closed\"><i class=\"fas fa-caret-right\"><\/i><\/span>\n\t\t\t\t\t\t\t\t<span class=\"elementor-accordion-icon-opened\"><i class=\"fas fa-caret-down\"><\/i><\/span>\n\t\t\t\t\t\t\t\t\t\t\t\t\t\t<\/span>\n\t\t\t\t\t\t\t\t\t\t\t\t<a class=\"elementor-accordion-title\" tabindex=\"0\">Az EU-ba szeretn\u00e9k besz\u00e1ll\u00edtani \u00e1rut harmadik orsz\u00e1gb\u00f3l. Szabadforgalomba helyez\u00e9s v\u00e1melj\u00e1r\u00e1s lefolytat\u00e1s\u00e1ra van sz\u00fcks\u00e9g, de a c\u00e9gem nem rendelkezik magyar ad\u00f3sz\u00e1mmal. Van lehet\u0151s\u00e9g a v\u00e1melj\u00e1r\u00e1s lefolytat\u00e1s\u00e1ra Magyarorsz\u00e1gon? <\/a>\n\t\t\t\t\t<\/div>\n\t\t\t\t\t<div id=\"elementor-tab-content-2193\" class=\"elementor-tab-content elementor-clearfix\" data-tab=\"3\" role=\"region\" aria-labelledby=\"elementor-tab-title-2193\"><p>Elm\u00e9letben van lehet\u0151s\u00e9g ilyen jelleg\u0171 v\u00e1melj\u00e1r\u00e1sok lebonyol\u00edt\u00e1s\u00e1ra. Az import \u00c1FA \u00f6sszeg\u00e9t abban az orsz\u00e1gban kell megfizetni, ahol a term\u00e9k forgalomba ker\u00fcl, de az esetlegesen felmer\u00fcl\u0151 v\u00e1mtartoz\u00e1s \u00f6sszeg\u00e9t Magyarorsz\u00e1gon kell megfizetni.\u00a0<\/p><p>A gyarkorlatban az ilyen jelleg\u0171 v\u00e1melj\u00e1r\u00e1sok sz\u00e1ma rendk\u00edv\u00fcl alacsony mivel azok jelent\u0151s adminisztrat\u00edv teherrel j\u00e1rnak. Ilyen jelleg\u0171 megb\u00edz\u00e1sokat csak egyedi esetekben v\u00e1llalunk.\u00a0<\/p><\/div>\n\t\t\t\t<\/div>\n\t\t\t\t\t\t\t<div class=\"elementor-accordion-item\">\n\t\t\t\t\t<div id=\"elementor-tab-title-2194\" class=\"elementor-tab-title\" data-tab=\"4\" role=\"button\" aria-controls=\"elementor-tab-content-2194\" aria-expanded=\"false\">\n\t\t\t\t\t\t\t\t\t\t\t\t\t<span class=\"elementor-accordion-icon elementor-accordion-icon-right\" aria-hidden=\"true\">\n\t\t\t\t\t\t\t\t\t\t\t\t\t\t\t<span class=\"elementor-accordion-icon-closed\"><i class=\"fas fa-caret-right\"><\/i><\/span>\n\t\t\t\t\t\t\t\t<span class=\"elementor-accordion-icon-opened\"><i class=\"fas fa-caret-down\"><\/i><\/span>\n\t\t\t\t\t\t\t\t\t\t\t\t\t\t<\/span>\n\t\t\t\t\t\t\t\t\t\t\t\t<a class=\"elementor-accordion-title\" tabindex=\"0\">A c\u00e9gem Magyarorsz\u00e1gon letelepedett v\u00e1llalkoz\u00e1s. Importot szeretn\u00e9k megval\u00f3s\u00edtani. Mikor kell megfizetnem a behozatal ut\u00e1n j\u00e1r\u00f3 v\u00e1m \u00e9s ad\u00f3 \u00f6sszeg\u00e9t? <\/a>\n\t\t\t\t\t<\/div>\n\t\t\t\t\t<div id=\"elementor-tab-content-2194\" class=\"elementor-tab-content elementor-clearfix\" data-tab=\"4\" role=\"region\" aria-labelledby=\"elementor-tab-title-2194\"><p><span style=\"font-size: 16px;\">Alapszab\u00e1lyk\u00e9nt az import ad\u00f3 \u00e9s import v\u00e1m \u00f6sszeg\u00e9t a v\u00e1melj\u00e1r\u00e1s lefolytat\u00e1sakor kell megfizetni. A legegyszer\u0171bb megold\u00e1s, ha az import\u0151r a k\u00f6ztartoz\u00e1s \u00f6sszeg\u00e9t k\u00f6zvetlen\u00fck a Magyar \u00c1llamkincst\u00e1r fel\u00e9 fizeti meg a v\u00e1melj\u00e1r\u00e1s alkalm\u00e1val.\u00a0\u00a0<\/span><\/p><p>Amennyiben \u00d6n az import ir\u00e1ny\u00fa behozatal sor\u00e1n keletkez\u0151 k\u00f6ztartoz\u00e1st nem szeretn\u00e9 a v\u00e1mkezel\u00e9skor kifizetni t\u00f6bb lehet\u0151s\u00e9get tudunk javasolni a halasztott fizet\u00e9s megval\u00f3s\u00edt\u00e1s\u00e1hoz. K\u00e9rdezzen benn\u00fcnket a lehets\u00e9ges m\u00f3dozatokr\u00f3l!\u00a0<\/p><\/div>\n\t\t\t\t<\/div>\n\t\t\t\t\t\t\t<div class=\"elementor-accordion-item\">\n\t\t\t\t\t<div id=\"elementor-tab-title-2195\" class=\"elementor-tab-title\" data-tab=\"5\" role=\"button\" aria-controls=\"elementor-tab-content-2195\" aria-expanded=\"false\">\n\t\t\t\t\t\t\t\t\t\t\t\t\t<span class=\"elementor-accordion-icon elementor-accordion-icon-right\" aria-hidden=\"true\">\n\t\t\t\t\t\t\t\t\t\t\t\t\t\t\t<span class=\"elementor-accordion-icon-closed\"><i class=\"fas fa-caret-right\"><\/i><\/span>\n\t\t\t\t\t\t\t\t<span class=\"elementor-accordion-icon-opened\"><i class=\"fas fa-caret-down\"><\/i><\/span>\n\t\t\t\t\t\t\t\t\t\t\t\t\t\t<\/span>\n\t\t\t\t\t\t\t\t\t\t\t\t<a class=\"elementor-accordion-title\" tabindex=\"0\">A c\u00e9gem Magyarorsz\u00e1gon letelepedett v\u00e1llalkoz\u00e1s. Kivitel v\u00e1melj\u00e1r\u00e1st szeretn\u00e9k megval\u00f3s\u00edtani. Mi a teend\u0151m? <\/a>\n\t\t\t\t\t<\/div>\n\t\t\t\t\t<div id=\"elementor-tab-content-2195\" class=\"elementor-tab-content elementor-clearfix\" data-tab=\"5\" role=\"region\" aria-labelledby=\"elementor-tab-title-2195\"><p>Amennyiben nem dolgozik a v\u00e1llalkoz\u00e1s\u00e1ban olyan szem\u00e9ly, aki \u00e1tfog\u00f3 v\u00e1mismeretekkel rendelkezik b\u00edzzon meg egy v\u00e1m\u00fcgyn\u00f6k k\u00e9pvisel\u0151t! A megb\u00edz\u00e1st elektronikus form\u00e1ban kell megadnia \u00e9s a megb\u00edz\u00e1s t\u00e9ny\u00e9t az ad\u00f3hat\u00f3s\u00e1gn\u00e1l az \u00fagynevezett EGYKE nyomtatv\u00e1ny seg\u00edts\u00e9g\u00e9vel regisztr\u00e1lni kell.\u00a0<\/p><\/div>\n\t\t\t\t<\/div>\n\t\t\t\t\t\t\t\t<\/div>\n\t\t\t\t\t\t<\/div>\n\t\t\t\t<\/div>\n\t\t\t\t\t<\/div>\n\t\t<\/div>\n\t\t\t\t\t<\/div>\n\t\t<\/section>\n\t\t\t\t\t<\/div>\n\t\t<\/div>\n\t\t\t\t\t<\/div>\n\t\t<\/section>\n\t\t\t\t<section class=\"elementor-section elementor-top-section elementor-element elementor-element-yeaaqir elementor-section-content-middle elementor-section-boxed elementor-section-height-default elementor-section-height-default\" data-id=\"yeaaqir\" data-element_type=\"section\" data-settings=\"{&quot;background_background&quot;:&quot;classic&quot;}\">\n\t\t\t\t\t\t\t<div class=\"elementor-background-overlay\"><\/div>\n\t\t\t\t\t\t\t<div class=\"elementor-container elementor-column-gap-no\">\n\t\t\t\t\t<div class=\"elementor-column elementor-col-66 elementor-top-column elementor-element elementor-element-5d0236c\" data-id=\"5d0236c\" data-element_type=\"column\">\n\t\t\t<div class=\"elementor-widget-wrap elementor-element-populated\">\n\t\t\t\t\t\t<div class=\"elementor-element elementor-element-5d7ae30 elementor-widget elementor-widget-heading\" data-id=\"5d7ae30\" data-element_type=\"widget\" data-widget_type=\"heading.default\">\n\t\t\t\t<div class=\"elementor-widget-container\">\n\t\t\t\t\t<h2 class=\"elementor-heading-title elementor-size-default\">Az \u00d6n v\u00e1mkezel\u00e9si folyamataira egyszer\u0171, hat\u00e9kony megold\u00e1st tudunk aj\u00e1nlani.<\/h2>\t\t\t\t<\/div>\n\t\t\t\t<\/div>\n\t\t\t\t<div class=\"elementor-element elementor-element-ac88b75 elementor-widget elementor-widget-text-editor\" data-id=\"ac88b75\" data-element_type=\"widget\" data-widget_type=\"text-editor.default\">\n\t\t\t\t<div class=\"elementor-widget-container\">\n\t\t\t\t\t\t\t\t\t<p>Legyen az \u00d6n c\u00e9ge is egyike el\u00e9gedett \u00fcgyfeleinknek! Intsen b\u00facs\u00fat a bizonytalans\u00e1gnak, a sz\u00e1ll\u00edt\u00e1si fennakad\u00e1soknak, \u00e9s l\u00e9pjen be a z\u00f6kken\u0151mentes nemzetk\u00f6zi kereskedelem vil\u00e1g\u00e1ba!<\/p>\t\t\t\t\t\t\t\t<\/div>\n\t\t\t\t<\/div>\n\t\t\t\t<div class=\"elementor-element elementor-element-5b6b6f5 elementor-align-left elementor-widget elementor-widget-button\" data-id=\"5b6b6f5\" data-element_type=\"widget\" data-widget_type=\"button.default\">\n\t\t\t\t<div class=\"elementor-widget-container\">\n\t\t\t\t\t\t\t\t\t<div class=\"elementor-button-wrapper\">\n\t\t\t\t\t<a class=\"elementor-button elementor-button-link elementor-size-md\" href=\"https:\/\/triviumgroup.eu\/hu\/contact-us\/\">\n\t\t\t\t\t\t<span class=\"elementor-button-content-wrapper\">\n\t\t\t\t\t\t\t\t\t<span class=\"elementor-button-text\">Keressen benn\u00fcnket!<\/span>\n\t\t\t\t\t<\/span>\n\t\t\t\t\t<\/a>\n\t\t\t\t<\/div>\n\t\t\t\t\t\t\t\t<\/div>\n\t\t\t\t<\/div>\n\t\t\t\t\t<\/div>\n\t\t<\/div>\n\t\t\t\t<div class=\"elementor-column elementor-col-33 elementor-top-column elementor-element elementor-element-39b7959\" data-id=\"39b7959\" data-element_type=\"column\">\n\t\t\t<div class=\"elementor-widget-wrap\">\n\t\t\t\t\t\t\t<\/div>\n\t\t<\/div>\n\t\t\t\t\t<\/div>\n\t\t<\/section>\n\t\t\t\t<\/div>","protected":false},"excerpt":{"rendered":"<p>FAQ&#8217;s about customs clearances Frequently Asked Questions When Do I need an export or import customs clearance ? \u00a0 If you or your business is involved in shipping goods from the European community to a non-EU country, it is necessary to perform an export customs clearance. This process allows the goods to be legally transported &hellip;<\/p>\n<p class=\"read-more\"> <a class=\"\" href=\"https:\/\/triviumgroup.eu\/hu\/services-export-import\/\"> <span class=\"screen-reader-text\">Services-Export\/Import<\/span> Read More &raquo;<\/a><\/p>","protected":false},"author":1,"featured_media":0,"parent":0,"menu_order":0,"comment_status":"closed","ping_status":"closed","template":"","meta":{"_uag_custom_page_level_css":"","site-sidebar-layout":"no-sidebar","site-content-layout":"page-builder","ast-global-header-display":"","ast-banner-title-visibility":"","ast-main-header-display":"","ast-hfb-above-header-display":"","ast-hfb-below-header-display":"","ast-hfb-mobile-header-display":"","site-post-title":"disabled","ast-breadcrumbs-content":"","ast-featured-img":"disabled","footer-sml-layout":"","theme-transparent-header-meta":"","adv-header-id-meta":"","stick-header-meta":"","header-above-stick-meta":"","header-main-stick-meta":"","header-below-stick-meta":"","footnotes":""},"class_list":["post-25570","page","type-page","status-publish","hentry"],"uagb_featured_image_src":{"full":false,"thumbnail":false,"medium":false,"medium_large":false,"large":false,"1536x1536":false,"2048x2048":false,"trp-custom-language-flag":false,"woocommerce_thumbnail":false,"woocommerce_single":false,"woocommerce_gallery_thumbnail":false},"uagb_author_info":{"display_name":"HR","author_link":"https:\/\/triviumgroup.eu\/hu\/author\/penzugy\/"},"uagb_comment_info":0,"uagb_excerpt":"FAQ&#8217;s about customs clearances Frequently Asked Questions When Do I need an export or import customs clearance ? \u00a0 If you or your business is involved in shipping goods from the European community to a non-EU country, it is necessary to perform an export customs clearance. This process allows the goods to be legally transported&hellip;","_links":{"self":[{"href":"https:\/\/triviumgroup.eu\/hu\/wp-json\/wp\/v2\/pages\/25570","targetHints":{"allow":["GET"]}}],"collection":[{"href":"https:\/\/triviumgroup.eu\/hu\/wp-json\/wp\/v2\/pages"}],"about":[{"href":"https:\/\/triviumgroup.eu\/hu\/wp-json\/wp\/v2\/types\/page"}],"author":[{"embeddable":true,"href":"https:\/\/triviumgroup.eu\/hu\/wp-json\/wp\/v2\/users\/1"}],"replies":[{"embeddable":true,"href":"https:\/\/triviumgroup.eu\/hu\/wp-json\/wp\/v2\/comments?post=25570"}],"version-history":[{"count":5,"href":"https:\/\/triviumgroup.eu\/hu\/wp-json\/wp\/v2\/pages\/25570\/revisions"}],"predecessor-version":[{"id":26752,"href":"https:\/\/triviumgroup.eu\/hu\/wp-json\/wp\/v2\/pages\/25570\/revisions\/26752"}],"wp:attachment":[{"href":"https:\/\/triviumgroup.eu\/hu\/wp-json\/wp\/v2\/media?parent=25570"}],"curies":[{"name":"wp","href":"https:\/\/api.w.org\/{rel}","templated":true}]}}